{"id":2774,"date":"2021-11-15T22:05:51","date_gmt":"2021-11-15T22:05:51","guid":{"rendered":"https:\/\/ebridges.org\/?page_id=2774"},"modified":"2021-11-15T22:06:20","modified_gmt":"2021-11-15T22:06:20","slug":"elementor-2774","status":"publish","type":"page","link":"https:\/\/ebridges.org\/tr\/elementor-2774\/","title":{"rendered":"Elementor #2774"},"content":{"rendered":"\t\t<div data-elementor-type=\"wp-page\" data-elementor-id=\"2774\" class=\"elementor elementor-2774\">\n\t\t\t\t\t\t<section class=\"elementor-section elementor-top-section elementor-element elementor-element-2d86152 elementor-section-boxed elementor-section-height-default elementor-section-height-default\" data-id=\"2d86152\" data-element_type=\"section\">\n\t\t\t\t\t\t<div class=\"elementor-container elementor-column-gap-default\">\n\t\t\t\t\t<div class=\"elementor-column elementor-col-100 elementor-top-column elementor-element elementor-element-5bb3c6d\" data-id=\"5bb3c6d\" data-element_type=\"column\">\n\t\t\t<div class=\"elementor-widget-wrap elementor-element-populated\">\n\t\t\t\t\t\t<div class=\"elementor-element elementor-element-01e938e elementor-widget elementor-widget-text-editor\" data-id=\"01e938e\" data-element_type=\"widget\" data-widget_type=\"text-editor.default\">\n\t\t\t\t<div class=\"elementor-widget-container\">\n\t\t\t\t\t\t\t<h1>Gizlilik politikas\u0131<\/h1><h2>Biz kimiz<\/h2><p>Bu web sitesi Engeli Olan Bireyler ve Aileleri Geli\u015fim Merkezi Derne\u011fi\u2019ne aittir.<\/p><p>Web sitemizin adresi: https:\/\/ebridges.org\/<\/p><h2>Hangi ki\u015fisel bilgileri ne ama\u00e7la topluyoruz<\/h2><h3>Yorumlar<\/h3><p>Ziyaret\u00e7iler sitede yorum b\u0131rakt\u0131\u011f\u0131nda yorum formunda g\u00f6sterilen verileri ve ayr\u0131ca istenmeyen yorum tespitine yard\u0131mc\u0131 olmak i\u00e7in ziyaret\u00e7inin IP adresi ve taray\u0131c\u0131 bilgisi metnini de toplar\u0131z.<\/p><p>E-posta adresinizden olu\u015fturulmu\u015f anonimle\u015ftirilmi\u015f bir metin (hash olarak da adland\u0131r\u0131l\u0131r) Gravatar hizmetine, servisi kullan\u0131p kullanmad\u0131\u011f\u0131n\u0131z\u0131 g\u00f6rmek i\u00e7in, sa\u011flanabilir. Gravatar servisinin gizlilik politikas\u0131 \u015fu adrestedir: https:\/\/automattic.com\/privacy\/. Yorumunuzun onaylanmas\u0131ndan sonra profil resminiz yorumunuzla birlikte herkese g\u00f6r\u00fcn\u00fcr.<\/p><h3>Ortam<\/h3><p>G\u00f6rselleri web sitesine y\u00fcklerseniz, g\u00f6m\u00fclm\u00fc\u015f konum verileri (EXIF GPS) i\u00e7eren g\u00f6rseller y\u00fcklemekten ka\u00e7\u0131nmal\u0131s\u0131n\u0131z. Web sitesi ziyaret\u00e7ileri, web sitesindeki g\u00f6rsellerden herhangi bir konum bilgisini indirip \u00e7\u0131karabilir.<\/p><h3>\u00c7erezler<\/h3><p>Sitemize bir yorum b\u0131rak\u0131rsan\u0131z, isminizi, e-posta adresinizi ve web sitenizi \u00e7erezlerde kaydetmeyi se\u00e7ebilirsiniz. Bunlar size kolayl\u0131k sa\u011flamak i\u00e7indir, b\u00f6ylece ba\u015fka bir yorum b\u0131rakt\u0131\u011f\u0131n\u0131zda bilgilerinizi tekrar doldurman\u0131z gerekmez. Bu \u00e7erezler bir y\u0131l s\u00fcresince kal\u0131r.<\/p><p>E\u011fer giri\u015f sayfam\u0131z\u0131 ziyaret ederseniz, taray\u0131c\u0131n\u0131z\u0131n \u00e7erezleri kabul edip etmedi\u011fini belirlemek i\u00e7in ge\u00e7ici bir \u00e7erez ayarlayaca\u011f\u0131z. Bu \u00e7erez hi\u00e7bir ki\u015fisel veri i\u00e7ermez ve taray\u0131c\u0131n\u0131z\u0131 kapatt\u0131\u011f\u0131n\u0131zda at\u0131l\u0131r.<\/p><p>Giri\u015f yapt\u0131\u011f\u0131n\u0131zda, giri\u015f bilgilerinizi ve ekran g\u00f6r\u00fcnt\u00fcleme se\u00e7iminizi kaydetmek i\u00e7in birka\u00e7 \u00e7erez kaydedece\u011fiz. Giri\u015f \u00e7erezleri iki g\u00fcn ve ekran se\u00e7enekleri \u00e7erezleri bir y\u0131l boyunca kal\u0131r. \u201cBeni hat\u0131rla\u201d se\u00e7ene\u011fini se\u00e7erseniz, giri\u015finiz iki hafta boyunca devam eder. Hesab\u0131n\u0131zdan \u00e7\u0131k\u0131\u015f yaparsan\u0131z, giri\u015f \u00e7erezleri kald\u0131r\u0131lacakt\u0131r.<\/p><p>Bir makaleyi d\u00fczenler veya yay\u0131nlarsan\u0131z taray\u0131c\u0131n\u0131za ek bir \u00e7erez kaydedilir. Bu \u00e7erez hi\u00e7bir ki\u015fisel veri i\u00e7ermez ve sadece d\u00fczenledi\u011finiz makalenin yaz\u0131 kimli\u011fini g\u00f6sterir. 1 g\u00fcn sonra zaman a\u015f\u0131m\u0131na u\u011frar.<\/p><h3>Di\u011fer sitelerden g\u00f6m\u00fclen i\u00e7erik<\/h3><p>Bu sitedeki makaleler g\u00f6m\u00fcl\u00fc i\u00e7erik (\u00f6r. videolar, g\u00f6rseller, makaleler, vb.) i\u00e7erebilir. Di\u011fer web sitelerinden g\u00f6m\u00fclen i\u00e7erik, ziyaret\u00e7inin di\u011fer web sitesini ziyaret etmi\u015f gibi, tam olarak ayn\u0131 \u015fekilde davran\u0131r.<\/p><p>Bu web siteleri sizin hakk\u0131n\u0131zda veri toplayabilir, \u00e7erez kullanabilir, \u00fc\u00e7\u00fcnc\u00fc taraf taraf\u0131ndan g\u00f6m\u00fclm\u00fc\u015f \u015feklide takip yapabilir ve bir hesab\u0131n\u0131z varsa ve bu web sitesinde oturum a\u00e7t\u0131ysan\u0131z, g\u00f6m\u00fclen i\u00e7erikle etkile\u015fiminizi takip etme dahil olmak \u00fczere, bu g\u00f6m\u00fclen i\u00e7erikle etkile\u015fiminizi izleyebilir.<\/p><h2>Verinizi kimlerle payla\u015f\u0131yoruz<\/h2><p>Parola s\u0131f\u0131rlama iste\u011finde bulundu\u011funuzda, IP adresiniz s\u0131f\u0131rlama e-postas\u0131na eklenir.<\/p><h2>Verilerinizi ne kadar s\u00fcre tutar\u0131z<\/h2><p>Bir yorum b\u0131rak\u0131rsan\u0131z, yorum ve meta verileri s\u00fcresiz olarak saklan\u0131r. B\u00f6ylece, takip eden yorumlar\u0131n\u0131z\u0131 denetim kuyru\u011funda tutmak yerine otomatik olarak tan\u0131yabilir ve onaylayabiliriz.<\/p><p>Web sitemize kay\u0131t yapt\u0131ran kullan\u0131c\u0131lar i\u00e7in (varsa) kullan\u0131c\u0131 profilinde sa\u011flad\u0131klar\u0131 ki\u015fisel bilgileri de saklar\u0131z. T\u00fcm kullan\u0131c\u0131lar ki\u015fisel bilgilerini istedikleri zaman g\u00f6rebilir, d\u00fczenleyebilir veya silebilir (kullan\u0131c\u0131 ad\u0131 de\u011fi\u015ftirme hari\u00e7). Web sitesi y\u00f6neticileri de bu bilgileri g\u00f6rebilir ve d\u00fczenleyebilir.<\/p><h2>Verileriniz \u00fczerindeki haklar\u0131n\u0131z neler<\/h2><p>Bu sitede bir hesab\u0131n\u0131z veya yorumlar\u0131n\u0131z varsa, bize sa\u011flad\u0131\u011f\u0131n\u0131z veriler dahil olmak \u00fczere, hakk\u0131n\u0131zda tuttu\u011fumuz ki\u015fisel verilerin d\u0131\u015fa aktar\u0131lm\u0131\u015f bir dosyas\u0131n\u0131 almay\u0131 isteyebilirsiniz. Ayr\u0131ca, hakk\u0131n\u0131zda tuttu\u011fumuz t\u00fcm ki\u015fisel verileri de silmeyi isteyebilirsiniz. Bu, idari, yasal veya g\u00fcvenlik ama\u00e7lar\u0131na uymak zorunda oldu\u011fumuz hi\u00e7bir veriyi i\u00e7ermez.<\/p><h2>Verinizi nereye g\u00f6nderiyoruz<\/h2><p>Ziyaret\u00e7i yorumlar\u0131 otomatik istenmeyen yorum alg\u0131lama servisi arac\u0131l\u0131\u011f\u0131yla kontrol edilebilir.<\/p><h3>Sanayi bakanl\u0131\u011f\u0131 kamuyu ayd\u0131nlatma y\u00fck\u00fcml\u00fcl\u00fc\u011f\u00fc<\/h3><p>ENGEL\u0130 OLAN B\u0130REYLER VE A\u0130LELER\u0130 GEL\u0130\u015e\u0130M MERKEZ\u0130 DERNE\u011e\u0130<\/p><p>K\u0130\u015e\u0130SEL VER\u0130LER\u0130N \u0130\u015eLENMES\u0130NE \u0130L\u0130\u015eK\u0130N AYDINLATMA METN\u0130<\/p><p>\u0130\u015fbu Ayd\u0131nlatma Metni, Engeli Olan Bireyler ve Aileleri Geli\u015fim Merkezi Derne\u011fi (\u201cDernek\u201d) taraf\u0131ndan \u015eirket\u2019in m\u00fc\u015fterilerinin 6698 say\u0131l\u0131 Ki\u015fisel Verilerin Korunmas\u0131 Kanunu (\u201cKanun\u201d) kapsam\u0131nda ki\u015fisel verilerinin dernek taraf\u0131ndan i\u015flenmesine ili\u015fkin olarak ayd\u0131nlat\u0131lmas\u0131 amac\u0131yla haz\u0131rlanm\u0131\u015ft\u0131r.<\/p><p><em>Ki\u015fisel verilerinizin i\u015fbu Ayd\u0131nlatma Metni kapsam\u0131nda i\u015flenmesine ili\u015fkin detayl\u0131 bilgilere [www.ebridges.org ] adresinde yer alan <\/em>Engeli Olan Bireyler ve Aileleri Geli\u015fim Merkezi Derne\u011fi Ki\u015fisel Verilerin Korunmas\u0131 ve \u0130\u015flenmesi Politikas\u0131\u2019ndan ula\u015fabilirsiniz.<\/p><ol><li>a) Ki\u015fisel Verilerin Elde Edilme Y\u00f6ntemleri ve Hukuki Sebepleri<\/li><\/ol><p>Ki\u015fisel verileriniz, elektronik veya fiziki ortamda toplanmaktad\u0131r. \u0130\u015fbu Ayd\u0131nlatma Metninde belirtilen hukuki sebeplerle toplanan ki\u015fisel verileriniz Kanun\u2019un 5. ve 6. maddelerinde belirtilen ki\u015fisel veri i\u015fleme \u015fartlar\u0131 \u00e7er\u00e7evesinde i\u015flenebilmekte ve payla\u015f\u0131labilmektedir.<\/p><ol><li>b) Ki\u015fisel Verilerin \u0130\u015fleme Ama\u00e7lar\u0131<\/li><\/ol><p>Ki\u015fisel verileriniz, Kanun\u2019un 5. ve 6. maddelerinde belirtilen ki\u015fisel veri i\u015fleme \u015fartlar\u0131 \u00e7er\u00e7evesinde Dernek taraf\u0131ndan sunulan \u00fcr\u00fcn ve hizmetlerin ilgili ki\u015filerin be\u011feni, kullan\u0131m al\u0131\u015fkanl\u0131klar\u0131 ve ihtiya\u00e7lar\u0131na g\u00f6re \u00f6zelle\u015ftirilerek ilgili ki\u015filere \u00f6nerilmesi ve tan\u0131t\u0131lmas\u0131 i\u00e7in gerekli olan aktivitelerin planlanmas\u0131 ve icras\u0131, Dernek taraf\u0131ndan sunulan \u00fcr\u00fcn ve hizmetlerden ilgili ki\u015fileri faydaland\u0131rmak i\u00e7in gerekli \u00e7al\u0131\u015fmalar\u0131n i\u015f birimleri taraf\u0131ndan yap\u0131lmas\u0131 ve ilgili i\u015f s\u00fcre\u00e7lerinin y\u00fcr\u00fct\u00fclmesi, Dernek taraf\u0131ndan y\u00fcr\u00fct\u00fclen ticari faaliyetlerin ger\u00e7ekle\u015ftirilmesi i\u00e7in ilgili i\u015f birimleri taraf\u0131ndan gerekli \u00e7al\u0131\u015fmalar\u0131n yap\u0131lmas\u0131 ve buna ba\u011fl\u0131 i\u015f s\u00fcre\u00e7lerinin y\u00fcr\u00fct\u00fclmesi, Dernek\u2018in ticari ve\/veya i\u015f stratejilerinin planlanmas\u0131 ve icras\u0131 ve Dernek\u2018in ve Dernek\u2018le i\u015f ili\u015fkisi i\u00e7erisinde olan ilgili ki\u015filerin hukuki, teknik ve ticari-i\u015f g\u00fcvenli\u011finin temini ama\u00e7lar\u0131yla i\u015flenmektedir.<\/p><ol><li>c) Ki\u015fisel Verilerin Payla\u015f\u0131labilece\u011fi Taraflar ve Payla\u015f\u0131m Ama\u00e7lar\u0131<\/li><\/ol><p>Ki\u015fisel verileriniz, Kanun\u2019un 8. ve 9. maddelerinde belirtilen ki\u015fisel veri i\u015fleme \u015fartlar\u0131 ve ama\u00e7lar\u0131 \u00e7er\u00e7evesinde, Dernek taraf\u0131ndan sunulan \u00fcr\u00fcn ve hizmetlerin ilgili ki\u015filerin be\u011feni, kullan\u0131m al\u0131\u015fkanl\u0131klar\u0131 ve ihtiya\u00e7lar\u0131na g\u00f6re \u00f6zelle\u015ftirilerek ilgili ki\u015filere \u00f6nerilmesi ve tan\u0131t\u0131lmas\u0131 i\u00e7in gerekli olan aktivitelerin planlanmas\u0131 ve icras\u0131, Dernek taraf\u0131ndan sunulan \u00fcr\u00fcn ve hizmetlerden ilgili ki\u015fileri faydaland\u0131rmak i\u00e7in gerekli \u00e7al\u0131\u015fmalar\u0131n i\u015f birimleri taraf\u0131ndan yap\u0131lmas\u0131 ve ilgili i\u015f s\u00fcre\u00e7lerinin y\u00fcr\u00fct\u00fclmesi, Dernek taraf\u0131ndan y\u00fcr\u00fct\u00fclen ticari faaliyetlerin ger\u00e7ekle\u015ftirilmesi i\u00e7in ilgili i\u015f birimleri taraf\u0131ndan gerekli \u00e7al\u0131\u015fmalar\u0131n yap\u0131lmas\u0131 ve buna ba\u011fl\u0131 i\u015f s\u00fcre\u00e7lerinin y\u00fcr\u00fct\u00fclmesi, Dernek\u2018in ticari ve\/veya i\u015f stratejilerinin planlanmas\u0131 ve icras\u0131 ve Dernek\u2018in ve Dernek\u2018le i\u015f ili\u015fkisi i\u00e7erisinde olan ilgili ki\u015filerin hukuki, teknik ve ticari-i\u015f g\u00fcvenli\u011finin temini ama\u00e7lar\u0131 dahilinde Dernek\u2019in i\u015f ortaklar\u0131 ve tedarik\u00e7ileri ile hukuken yetkili kurum ve kurulu\u015flar ile hukuken yetkili \u00f6zel hukuk t\u00fczel ki\u015fileriyle payla\u015f\u0131labilecektir.<\/p><ol><li>d) Veri Sahiplerinin Haklar\u0131 ve Bu Haklar\u0131n Kullan\u0131lmas\u0131<\/li><\/ol><p>Ki\u015fisel veri sahipleri olarak a\u015fa\u011f\u0131da belirtilen haklar\u0131n\u0131za ili\u015fkin taleplerinizi Veri Sahipleri Taraf\u0131ndan Haklar\u0131n Kullan\u0131lmas\u0131 ba\u015fl\u0131\u011f\u0131 alt\u0131nda belirtilen y\u00f6ntemlerle \u015eirket\u2019e iletmeniz durumunda talepleriniz derne\u011fimiz taraf\u0131ndan m\u00fcmk\u00fcn olan en k\u0131sa s\u00fcrede ve her halde 30 (otuz) g\u00fcn i\u00e7erisinde de\u011ferlendirilerek sonu\u00e7land\u0131r\u0131lacakt\u0131r.<\/p><p>Kanun\u2019un 11. maddesi uyar\u0131nca ki\u015fisel veri sahibi olarak a\u015fa\u011f\u0131daki haklara sahipsiniz:<\/p><ul><li>Ki\u015fisel verilerinizin i\u015flenip i\u015flenmedi\u011fini \u00f6\u011frenme,<\/li><li>Ki\u015fisel verileriniz i\u015flenmi\u015fse buna ili\u015fkin bilgi talep etme,<\/li><li>Ki\u015fisel verilerinizin i\u015flenme amac\u0131n\u0131 ve bunlar\u0131n amac\u0131na uygun kullan\u0131l\u0131p kullan\u0131lmad\u0131\u011f\u0131n\u0131 \u00f6\u011frenme,<\/li><li>Yurt i\u00e7inde veya yurt d\u0131\u015f\u0131nda ki\u015fisel verilerinizin aktar\u0131ld\u0131\u011f\u0131 \u00fc\u00e7\u00fcnc\u00fc ki\u015fileri bilme,<\/li><li>Ki\u015fisel verilerinizin eksik veya yanl\u0131\u015f i\u015flenmi\u015f olmas\u0131 h\u00e2linde bunlar\u0131n d\u00fczeltilmesini isteme ve bu kapsamda yap\u0131lan i\u015flemin ki\u015fisel verilerin aktar\u0131ld\u0131\u011f\u0131 \u00fc\u00e7\u00fcnc\u00fc ki\u015filere bildirilmesini isteme,<\/li><li>Kanun ve ilgili di\u011fer kanun h\u00fck\u00fcmlerine uygun olarak i\u015flenmi\u015f olmas\u0131na ra\u011fmen, i\u015flenmesini gerektiren sebeplerin ortadan kalkmas\u0131 h\u00e2linde ki\u015fisel verilerinizin silinmesini veya yok edilmesini isteme ve bu kapsamda yap\u0131lan i\u015flemin ki\u015fisel verilerin aktar\u0131ld\u0131\u011f\u0131 \u00fc\u00e7\u00fcnc\u00fc ki\u015filere bildirilmesini isteme,<\/li><li>\u0130\u015flenen verilerinizin m\u00fcnhas\u0131ran otomatik sistemler vas\u0131tas\u0131yla analiz edilmesi suretiyle ki\u015finin kendisi aleyhine bir sonucun ortaya \u00e7\u0131kmas\u0131na itiraz etme,<\/li><li>Ki\u015fisel verilerinizin kanuna ayk\u0131r\u0131 olarak i\u015flenmesi sebebiyle zarara u\u011framas\u0131 h\u00e2linde zarar\u0131n giderilmesini talep etme.<\/li><li>Kanun\u2019un 28. maddesinin 2. f\u0131kras\u0131 veri sahiplerinin talep hakk\u0131 bulunmayan halleri s\u0131ralam\u0131\u015f olup bu kapsamda;<\/li><li>Ki\u015fisel veri i\u015flemenin su\u00e7 i\u015flenmesinin \u00f6nlenmesi veya su\u00e7 soru\u015fturmas\u0131 i\u00e7in gerekli olmas\u0131,<\/li><li>\u0130lgili ki\u015finin kendisi taraf\u0131ndan alenile\u015ftirilmi\u015f ki\u015fisel verilerin i\u015flenmesi,<\/li><li>Ki\u015fisel veri i\u015flemenin kanunun verdi\u011fi yetkiye dayan\u0131larak g\u00f6revli ve yetkili kamu kurum ve kurulu\u015flar\u0131 ile kamu kurumu niteli\u011findeki meslek kurulu\u015flar\u0131nca, denetleme veya d\u00fczenleme g\u00f6revlerinin y\u00fcr\u00fct\u00fclmesi ile disiplin soru\u015fturma veya kovu\u015fturmas\u0131 i\u00e7in gerekli olmas\u0131,<\/li><li>Ki\u015fisel veri i\u015flemenin b\u00fct\u00e7e, vergi ve mali konulara ili\u015fkin olarak Devletin ekonomik ve mali \u00e7\u0131karlar\u0131n\u0131n korunmas\u0131 i\u00e7in gerekli olmas\u0131,<\/li><li>hallerinde verilere y\u00f6nelik olarak yukar\u0131da belirlenen haklar kullan\u0131lamayacakt\u0131r.<\/li><li>Kanun\u2019un 28. maddesinin 1. f\u0131kras\u0131na g\u00f6re ise a\u015fa\u011f\u0131daki durumlarda veriler Kanun kapsam\u0131 d\u0131\u015f\u0131nda olaca\u011f\u0131ndan, veri sahiplerinin talepleri bu veriler bak\u0131m\u0131ndan da i\u015fleme al\u0131nmayacakt\u0131r:<\/li><li>Ki\u015fisel verilerin, \u00fc\u00e7\u00fcnc\u00fc ki\u015filere verilmemek ve veri g\u00fcvenli\u011fine ili\u015fkin y\u00fck\u00fcml\u00fcl\u00fcklere uyulmak kayd\u0131yla ger\u00e7ek ki\u015filer taraf\u0131ndan tamamen kendisiyle veya ayn\u0131 konutta ya\u015fayan aile fertleriyle ilgili faaliyetler kapsam\u0131nda i\u015flenmesi.<\/li><li>Ki\u015fisel verilerin resmi istatistik ile anonim h\u00e2le getirilmek suretiyle ara\u015ft\u0131rma, planlama ve istatistik gibi ama\u00e7larla i\u015flenmesi.<\/li><li>Ki\u015fisel verilerin mill\u00ee savunmay\u0131, mill\u00ee g\u00fcvenli\u011fi, kamu g\u00fcvenli\u011fini, kamu d\u00fczenini, ekonomik g\u00fcvenli\u011fi, \u00f6zel hayat\u0131n gizlili\u011fini veya ki\u015filik haklar\u0131n\u0131 ihlal etmemek ya da su\u00e7 te\u015fkil etmemek kayd\u0131yla, sanat, tarih, edebiyat veya bilimsel ama\u00e7larla ya da ifade \u00f6zg\u00fcrl\u00fc\u011f\u00fc kapsam\u0131nda i\u015flenmesi.<\/li><li>Ki\u015fisel verilerin mill\u00ee savunmay\u0131, mill\u00ee g\u00fcvenli\u011fi, kamu g\u00fcvenli\u011fini, kamu d\u00fczenini veya ekonomik g\u00fcvenli\u011fi sa\u011flamaya y\u00f6nelik olarak kanunla g\u00f6rev ve yetki verilmi\u015f kamu kurum ve kurulu\u015flar\u0131 taraf\u0131ndan y\u00fcr\u00fct\u00fclen \u00f6nleyici, koruyucu ve istihbari faaliyetler kapsam\u0131nda i\u015flenmesi.<\/li><li>Ki\u015fisel verilerin soru\u015fturma, kovu\u015fturma, yarg\u0131lama veya infaz i\u015flemlerine ili\u015fkin olarak yarg\u0131 makamlar\u0131 veya infaz mercileri taraf\u0131ndan i\u015flenmesi.<\/li><\/ul><p>Veri Sahipleri Taraf\u0131ndan Haklar\u0131n Kullan\u0131lmas\u0131<\/p><ul><li>Veri sahipleri, yukar\u0131da bahsi ge\u00e7en haklar\u0131 kullanmak i\u00e7in <a href=\"%20https:\/ebridges.org\/kvkf\/\">https:\/\/ebridges.org\/kvkf\/<\/a> linkinde yer alan \u201c <em>Ki\u015fisel Veri Sahibi Taraf\u0131ndan Veri Sorumlusuna Yap\u0131lacak Ba\u015fvurulara ili\u015fkin Form <\/em>\u201du kullanabileceklerdir.<\/li><li>Ba\u015fvurular, ilgili veri sahibinin kimli\u011fini tespit edecek belgelerle birlikte, a\u015fa\u011f\u0131daki y\u00f6ntemlerden biri ile ger\u00e7ekle\u015ftirilecektir:<\/li><li>Formun doldurularak \u0131slak imzal\u0131 kopyas\u0131n\u0131n elden, noter arac\u0131l\u0131\u011f\u0131 ile veya iadeli taahh\u00fctl\u00fc mektupla \u0130n\u00f6n\u00fc Mh. 1403 Sk. No:21 A Blok \u00c7i\u011fdem Apt. K:1 D:1 Yeni\u015fehir, Mersin -T\u00fcrkiye adresine iletilmesi,<\/li><li>Formun 5070 say\u0131l\u0131 Elektronik \u0130mza Kanunu kapsam\u0131nda d\u00fczenlenen g\u00fcvenli elektronik imza ile imzalanarak bagem@hs01.kep.tr adresine kay\u0131tl\u0131 elektronik posta ile g\u00f6nderilmesi,<\/li><li>Ki\u015fisel Verileri Koruma Kurulu taraf\u0131ndan \u00f6ng\u00f6r\u00fclen bir y\u00f6ntemin izlenmesi.<\/li><li>Dernek, Kanun\u2019da \u00f6ng\u00f6r\u00fclm\u00fc\u015f s\u0131n\u0131rlar \u00e7er\u00e7evesinde s\u00f6z konusu haklar\u0131 kullanmak isteyen veri sahiplerine, yine Kanun\u2019da \u00f6ng\u00f6r\u00fclen \u015fekilde azami otuz (30) g\u00fcn i\u00e7erisinde cevap vermektedir. Ki\u015fisel veri sahipleri ad\u0131na \u00fc\u00e7\u00fcnc\u00fc ki\u015filerin ba\u015fvuru talebinde bulunabilmesi i\u00e7in veri sahibi taraf\u0131ndan ba\u015fvuruda bulunacak ki\u015fi ad\u0131na noter kanal\u0131yla d\u00fczenlenmi\u015f \u00f6zel vek\u00e2letname bulunmal\u0131d\u0131r.<\/li><li>Veri sahibi ba\u015fvurular\u0131 kural olarak \u00fccretsiz olarak i\u015fleme al\u0131nmakla birlikte, Ki\u015fisel Verileri Koruma Kurulu taraf\u0131ndan \u00f6ng\u00f6r\u00fclen \u00fccret tarifesi<a href=\"http:\/\/nitelikliveri.com\/kvkk-kavramlar\/aydinlatma-metni-nasil-hazirlanir\/#_ftn1\">[1]<\/a> \u00fczerinden \u00fccretlendirme yap\u0131labilecektir.<\/li><li>Dernek, ba\u015fvuruda bulunan ki\u015finin ki\u015fisel veri sahibi olup olmad\u0131\u011f\u0131n\u0131 tespit etmek ad\u0131na ilgili ki\u015fiden bilgi talep edebilir, ba\u015fvuruda belirtilen hususlar\u0131 netle\u015ftirmek ad\u0131na, ki\u015fisel veri sahibine ba\u015fvurusu ile ilgili soru y\u00f6neltebilir.<\/li><\/ul><p><a href=\"http:\/\/nitelikliveri.com\/kvkk-kavramlar\/aydinlatma-metni-nasil-hazirlanir\/#_ftnref1\">[1]<\/a> 10.03.2018 tarih ve 30356 say\u0131l\u0131 Resmi Gazete\u2019de yay\u0131nlanan \u201cVeri Sorumlusuna Ba\u015fvuru Usul ve Esaslar\u0131 Hakk\u0131nda Tebli\u011f\u201d uyar\u0131nca, veri sahiplerinin ba\u015fvurusuna yaz\u0131l\u0131 olarak cevap verilecekse, on sayfaya kadar \u00fccret al\u0131nmaz. On sayfan\u0131n \u00fczerindeki her sayfa i\u00e7in 1 T\u00fcrk Liras\u0131 i\u015flem \u00fccreti al\u0131nabilir. Ba\u015fvuruya cevab\u0131n CD, flash bellek gibi bir kay\u0131t ortam\u0131nda verilmesi halinde Kurum taraf\u0131ndan talep edilebilecek \u00fccret kay\u0131t ortam\u0131n\u0131n maliyetini ge\u00e7emez.<\/p>\t\t\t\t\t\t<\/div>\n\t\t\t\t<\/div>\n\t\t\t\t\t<\/div>\n\t\t<\/div>\n\t\t\t\t\t<\/div>\n\t\t<\/section>\n\t\t\t\t<\/div>\n\t\t","protected":false},"excerpt":{"rendered":"<p>Gizlilik politikas\u0131 Biz kimiz Bu web sitesi Engeli Olan Bireyler ve Aileleri Geli\u015fim Merkezi Derne\u011fi\u2019ne aittir. Web sitemizin adresi: https:\/\/ebridges.org\/ Hangi ki\u015fisel bilgileri ne ama\u00e7la topluyoruz Yorumlar Ziyaret\u00e7iler sitede yorum [&hellip;]<\/p>\n","protected":false},"author":1,"featured_media":0,"parent":0,"menu_order":0,"comment_status":"closed","ping_status":"closed","template":"","meta":{"_monsterinsights_skip_tracking":false,"_monsterinsights_sitenote_active":false,"_monsterinsights_sitenote_note":"","_monsterinsights_sitenote_category":0,"site-sidebar-layout":"default","site-content-layout":"","ast-site-content-layout":"","site-content-style":"default","site-sidebar-style":"default","ast-global-header-display":"","ast-banner-title-visibility":"","ast-main-header-display":"","ast-hfb-above-header-display":"","ast-hfb-below-header-display":"","ast-hfb-mobile-header-display":"","site-post-title":"","ast-breadcrumbs-content":"","ast-featured-img":"","footer-sml-layout":"","theme-transparent-header-meta":"","adv-header-id-meta":"","stick-header-meta":"","header-above-stick-meta":"","header-main-stick-meta":"","header-below-stick-meta":"","astra-migrate-meta-layouts":"default","ast-page-background-enabled":"default","ast-page-background-meta":{"desktop":{"background-color":"","background-image":"","background-repeat":"repeat","background-position":"center center","background-size":"auto","background-attachment":"scroll","background-type":"","background-media":"","overlay-type":"","overlay-color":"","overlay-gradient":""},"tablet":{"background-color":"","background-image":"","background-repeat":"repeat","background-position":"center center","background-size":"auto","background-attachment":"scroll","background-type":"","background-media":"","overlay-type":"","overlay-color":"","overlay-gradient":""},"mobile":{"background-color":"","background-image":"","background-repeat":"repeat","background-position":"center center","background-size":"auto","background-attachment":"scroll","background-type":"","background-media":"","overlay-type":"","overlay-color":"","overlay-gradient":""}},"ast-content-background-meta":{"desktop":{"background-color":"var(--ast-global-color-5)","background-image":"","background-repeat":"repeat","background-position":"center center","background-size":"auto","background-attachment":"scroll","background-type":"","background-media":"","overlay-type":"","overlay-color":"","overlay-gradient":""},"tablet":{"background-color":"var(--ast-global-color-5)","background-image":"","background-repeat":"repeat","background-position":"center center","background-size":"auto","background-attachment":"scroll","background-type":"","background-media":"","overlay-type":"","overlay-color":"","overlay-gradient":""},"mobile":{"background-color":"var(--ast-global-color-5)","background-image":"","background-repeat":"repeat","background-position":"center center","background-size":"auto","background-attachment":"scroll","background-type":"","background-media":"","overlay-type":"","overlay-color":"","overlay-gradient":""}},"_EventAllDay":false,"_EventTimezone":"","_EventStartDate":"","_EventEndDate":"","_EventStartDateUTC":"","_EventEndDateUTC":"","_EventShowMap":false,"_EventShowMapLink":false,"_EventURL":"","_EventCost":"","_EventCostDescription":"","_EventCurrencySymbol":"","_EventCurrencyCode":"","_EventCurrencyPosition":"","_EventDateTimeSeparator":"","_EventTimeRangeSeparator":"","_EventOrganizerID":[],"_EventVenueID":[],"_OrganizerEmail":"","_OrganizerPhone":"","_OrganizerWebsite":"","_VenueAddress":"","_VenueCity":"","_VenueCountry":"","_VenueProvince":"","_VenueState":"","_VenueZip":"","_VenuePhone":"","_VenueURL":"","_VenueStateProvince":"","_VenueLat":"","_VenueLng":"","_VenueShowMap":false,"_VenueShowMapLink":false,"footnotes":""},"class_list":["post-2774","page","type-page","status-publish","hentry"],"_links":{"self":[{"href":"https:\/\/ebridges.org\/tr\/wp-json\/wp\/v2\/pages\/2774","targetHints":{"allow":["GET"]}}],"collection":[{"href":"https:\/\/ebridges.org\/tr\/wp-json\/wp\/v2\/pages"}],"about":[{"href":"https:\/\/ebridges.org\/tr\/wp-json\/wp\/v2\/types\/page"}],"author":[{"embeddable":true,"href":"https:\/\/ebridges.org\/tr\/wp-json\/wp\/v2\/users\/1"}],"replies":[{"embeddable":true,"href":"https:\/\/ebridges.org\/tr\/wp-json\/wp\/v2\/comments?post=2774"}],"version-history":[{"count":0,"href":"https:\/\/ebridges.org\/tr\/wp-json\/wp\/v2\/pages\/2774\/revisions"}],"wp:attachment":[{"href":"https:\/\/ebridges.org\/tr\/wp-json\/wp\/v2\/media?parent=2774"}],"curies":[{"name":"wp","href":"https:\/\/api.w.org\/{rel}","templated":true}]}}